{"id":302,"date":"2020-11-26T10:31:51","date_gmt":"2020-11-26T09:31:51","guid":{"rendered":"https:\/\/www.ach-du-grosses-cello.de\/?page_id=302"},"modified":"2020-11-26T12:03:13","modified_gmt":"2020-11-26T11:03:13","slug":"welche-cellogroesse-brauche-ich","status":"publish","type":"page","link":"https:\/\/www.ach-du-grosses-cello.de\/index.php\/welche-cellogroesse-brauche-ich\/","title":{"rendered":"Welche Cellogr\u00f6\u00dfe brauche ich?"},"content":{"rendered":"\n<p><span style=\"color:#580093\" class=\"tadv-color\">Es gibt f\u00fcr jede*n die passende Cellogr\u00f6\u00dfe!<\/span><\/p>\n\n\n\n<p><span style=\"color:#580093\" class=\"tadv-color\">Folgende Gr\u00f6\u00dfen gibt es: <br>1\/16     ab ca. 3J.<br>1\/8       ab ca. 5J.<br>1\/4       ab ca. 7J.<br>1\/2       ab ca. 9J.<br>3\/4      ab ca. 11-12J.<br>7\/8      f\u00fcr Erwachsene mit extrem kleinen H\u00e4nden<br>4\/4      ab ca. 1,60m<br><\/span><br><span style=\"color:#580093\" class=\"tadv-color\">Bitte, die Altersangaben sollen wirklich nur eine sehr grobe Orientierungshilfe sein. Jeder Mensch ist auch bei gleicher K\u00f6rpergr\u00f6\u00dfe sehr individuell geformt und proportioniert, au\u00dferdem kommt es nat\u00fcrlich auch vor, dass ein Kind mit 12 Jahren schon 1,70m oder 1,80m lang ist&#8230; <br>Daher sollte man ein Cello immer unbedingt pers\u00f6nlich von einer erfahrenen Person anpassen lassen. Die L\u00e4nge des Stachels spielt hier nur bedingt eine Rolle, also auf einem 3\/4 Cello spielen und einfach den Stachel ganz rausziehen, obwohl man 1,70m gro\u00df ist, <br> ist kein guter Plan <\/span><\/p>\n\n\n\n<figure class=\"wp-block-image is-resized is-style-rounded\"><img loading=\"lazy\" decoding=\"async\" src=\"https:\/\/media1.tenor.com\/images\/787bf77aab3de81eff64d5d1b441f119\/tenor.gif?itemid=19258825\" alt=\"Oh no!\" width=\"120\" height=\"120\"\/><\/figure>\n","protected":false},"excerpt":{"rendered":"<p>Es gibt f\u00fcr jede*n die passende Cellogr\u00f6\u00dfe! Folgende Gr\u00f6\u00dfen gibt es: 1\/16 ab ca. 3J.1\/8 ab ca. 5J.1\/4 ab ca. 7J.1\/2 ab ca. 9J.3\/4 ab ca. 11-12J.7\/8 f\u00fcr Erwachsene mit extrem kleinen H\u00e4nden4\/4 ab ca. 1,60mBitte, die Altersangaben sollen wirklich nur eine sehr grobe Orientierungshilfe sein. Jeder Mensch ist auch bei gleicher K\u00f6rpergr\u00f6\u00dfe sehr individuell &hellip; <\/p>\n<p class=\"link-more\"><a href=\"https:\/\/www.ach-du-grosses-cello.de\/index.php\/welche-cellogroesse-brauche-ich\/\" class=\"more-link\"><span class=\"screen-reader-text\">\u201eWelche Cellogr\u00f6\u00dfe brauche ich?\u201c <\/span>weiterlesen<\/a><\/p>\n","protected":false},"author":1,"featured_media":0,"parent":0,"menu_order":0,"comment_status":"closed","ping_status":"closed","template":"","meta":{"footnotes":""},"class_list":["post-302","page","type-page","status-publish","hentry"],"_links":{"self":[{"href":"https:\/\/www.ach-du-grosses-cello.de\/index.php\/wp-json\/wp\/v2\/pages\/302","targetHints":{"allow":["GET"]}}],"collection":[{"href":"https:\/\/www.ach-du-grosses-cello.de\/index.php\/wp-json\/wp\/v2\/pages"}],"about":[{"href":"https:\/\/www.ach-du-grosses-cello.de\/index.php\/wp-json\/wp\/v2\/types\/page"}],"author":[{"embeddable":true,"href":"https:\/\/www.ach-du-grosses-cello.de\/index.php\/wp-json\/wp\/v2\/users\/1"}],"replies":[{"embeddable":true,"href":"https:\/\/www.ach-du-grosses-cello.de\/index.php\/wp-json\/wp\/v2\/comments?post=302"}],"version-history":[{"count":3,"href":"https:\/\/www.ach-du-grosses-cello.de\/index.php\/wp-json\/wp\/v2\/pages\/302\/revisions"}],"predecessor-version":[{"id":317,"href":"https:\/\/www.ach-du-grosses-cello.de\/index.php\/wp-json\/wp\/v2\/pages\/302\/revisions\/317"}],"wp:attachment":[{"href":"https:\/\/www.ach-du-grosses-cello.de\/index.php\/wp-json\/wp\/v2\/media?parent=302"}],"curies":[{"name":"wp","href":"https:\/\/api.w.org\/{rel}","templated":true}]}}